{"id":383,"date":"2022-03-29T14:25:37","date_gmt":"2022-03-29T18:25:37","guid":{"rendered":"http:\/\/powerasone.ca\/?page_id=383"},"modified":"2025-06-20T12:04:17","modified_gmt":"2025-06-20T16:04:17","slug":"durabilite","status":"publish","type":"page","link":"https:\/\/hydroottawagroup.com\/fr\/durabilite\/","title":{"rendered":"Durabilit\u00e9"},"content":{"rendered":"<div class=\"wpb-content-wrapper\"><p>[vc_row full_width=&#8221;stretch_row_content_no_spaces&#8221; el_class=&#8221;section&#8221; css=&#8221;.vc_custom_1651256678813{background-color: #edf0f5 !important;}&#8221;][vc_column][vc_row_inner el_class=&#8221;limit-width&#8221;][vc_column_inner][vc_custom_heading text=&#8221;Notre engagement \u00e0 l\u2019\u00e9gard de la durabilit\u00e9&#8221; font_container=&#8221;tag:h2|text_align:center&#8221; use_theme_fonts=&#8221;yes&#8221; css=&#8221;&#8221;][vc_column_text css=&#8221;&#8221;]<span style=\"font-weight: 400;\">\u00c0 travers ses champs d\u2019activit\u00e9, le Groupe Hydro Ottawa se veut un leader qui offre de nouvelles perspectives \u00e0 ses clients et \u00e0 sa communaut\u00e9 pour leur permettre de r\u00e9duire leur empreinte carbone et d\u2019adopter des formes d\u2019\u00e9nergie plus durables.<\/span><\/p>\n<p><span style=\"font-weight: 400;\">Nous sommes un partenaire strat\u00e9gique de la Ville d\u2019Ottawa, et ce, en l\u2019aidant \u00e0 atteindre ses objectifs de d\u00e9veloppement \u00e9conomique et de protection de l\u2019environnement. Notre approche en mati\u00e8re de durabilit\u00e9 consiste \u00e0 exercer nos activit\u00e9s en privil\u00e9giant la protection de l\u2019environnement, le d\u00e9veloppement \u00e9conomique et la responsabilit\u00e9 sociale.<\/span><\/p>\n<p><span style=\"font-weight: 400;\">Nous reconnaissons \u00e9galement l\u2019importance de r\u00e9duire notre empreinte environnementale. C\u2019est pour cette raison que nous sommes d\u00e9termin\u00e9s \u00e0 proposer des solutions \u00e9nerg\u00e9tiques novatrices \u00e0 nos clients et \u00e0 notre communaut\u00e9. Le d\u00e9veloppement durable est et demeurera \u00e0 la base de toutes nos pratiques d\u00e9cisionnelles et op\u00e9rationnelles.<\/span><\/p>\n<p><span style=\"font-weight: 400;\">Pour le Groupe Hydro Ottawa, un avenir \u00e9nerg\u00e9tique intelligent doit obligatoirement \u00eatre durable.<\/span>[\/vc_column_text][\/vc_column_inner][\/vc_row_inner][\/vc_column][\/vc_row][vc_row full_width=&#8221;stretch_row_content&#8221; equal_height=&#8221;yes&#8221; content_placement=&#8221;middle&#8221; css=&#8221;.vc_custom_1650900396340{background-color: #12222c !important;}&#8221;][vc_column width=&#8221;1\/2&#8243; el_class=&#8221;company-img&#8221; css=&#8221;.vc_custom_1661189173874{background-image: url(https:\/\/hydroottawagroup.com\/wp-content\/uploads\/2022\/04\/hero-home-4-x2-scaled.jpg?id=1298) !important;background-position: center !important;background-repeat: no-repeat !important;background-size: cover !important;}&#8221;][\/vc_column][vc_column width=&#8221;1\/2&#8243; css=&#8221;.vc_custom_1650900356558{background-color: #12222c !important;}&#8221; el_class=&#8221;sustainability-section&#8221;][vc_custom_heading text=&#8221;Importance d\u2019ouvrir la voie \u00e0 un avenir \u00e9nerg\u00e9tique intelligent&#8221; font_container=&#8221;tag:h3|text_align:left&#8221; use_theme_fonts=&#8221;yes&#8221; el_class=&#8221;dark&#8221;][vc_column_text css=&#8221;&#8221; el_class=&#8221;dark&#8221;]<span style=\"font-weight: 400;\">Lorsqu\u2019on pense \u00e0 la mani\u00e8re dont l\u2019\u00e9nergie est produite et consomm\u00e9e, il appara\u00eet clair qu\u2019une transformation historique est en train de se produire.<\/span><\/p>\n<p><span style=\"font-weight: 400;\">Pour composer avec les changements climatiques et les besoins croissants en mati\u00e8re d\u2019\u00e9lectrification, le Groupe Hydro Ottawa met activement en place des solutions \u00e9nerg\u00e9tiques intelligentes. Ces avanc\u00e9es sont cruciales pour la constitution d\u2019un r\u00e9seau d\u2019\u00e9lectricit\u00e9 plus fiable, efficace et durable, et ce, pour le bien de tout le monde \u00e0 Ottawa. Notre engagement implique le d\u00e9veloppement de technologies de pointe et la cr\u00e9ation de partenariats strat\u00e9giques, le tout visant \u00e0 fa\u00e7onner un avenir \u00e9nerg\u00e9tique plus lumineux.<\/span><\/p>\n<p><span style=\"font-weight: 400;\">Comme la consommation d\u2019\u00e9nergie et l\u2019environnement sont fondamentalement li\u00e9s, nous sommes d\u00e9termin\u00e9s \u00e0 ouvrir la voie vers un avenir \u00e9nerg\u00e9tique intelligent. \u00c0 cette fin, nous devons optimiser la connectivit\u00e9, promouvoir l\u2019\u00e9conomie d\u2019\u00e9nergie et l\u2019efficacit\u00e9 \u00e9nerg\u00e9tique, et forger des partenariats en mati\u00e8re de production d\u2019\u00e9nergie renouvelable.<\/span>[\/vc_column_text][\/vc_column][\/vc_row][vc_row][vc_column][vc_empty_space][\/vc_column][\/vc_row][vc_row full_width=&#8221;stretch_row&#8221; equal_height=&#8221;yes&#8221; el_class=&#8221;section&#8221;][vc_column][vc_row_inner][vc_column_inner][vc_custom_heading text=&#8221;Le concept d\u2019avenir \u00e9nerg\u00e9tique intelligent&#8221; font_container=&#8221;tag:h3|text_align:left&#8221; use_theme_fonts=&#8221;yes&#8221; css=&#8221;&#8221;][\/vc_column_inner][\/vc_row_inner][vc_row_inner css=&#8221;.vc_custom_1651258564149{margin-top: 35px !important;}&#8221;][vc_column_inner width=&#8221;1\/2&#8243; css=&#8221;.vc_custom_1651257962675{padding-bottom: 0px !important;}&#8221;][vc_column_text css=&#8221;.vc_custom_1750430952223{margin-bottom: 0px !important;}&#8221;]<span style=\"font-weight: 400;\">Un \u00ab avenir \u00e9nerg\u00e9tique intelligent \u00bb d\u00e9signe un r\u00e9seau d\u2019\u00e9nergie qui s\u2019adapte aux besoins en \u00e9volution et recourt aux technologies pour maximiser les avantages pour les consommateurs, la communaut\u00e9 et l\u2019environnement. Le Groupe Hydro Ottawa envisage cet avenir comme \u00e9tant durable, centr\u00e9 sur les clients, fiable et s\u00e9curitaire.<\/span><\/p>\n<p><b>Composantes cl\u00e9s<\/b><\/p>\n<p><b>Infrastructure modernis\u00e9e\u00a0:<\/b><span style=\"font-weight: 400;\"> Cet effort est consacr\u00e9 \u00e0 la mise \u00e0 niveau et \u00e0 l\u2019optimisation des composantes physiques du r\u00e9seau d\u2019\u00e9lectricit\u00e9. Il s\u2019agit d\u2019int\u00e9grer des technologies qui rehaussent l\u2019efficacit\u00e9, la fiabilit\u00e9 et le rendement g\u00e9n\u00e9ral du r\u00e9seau, y compris le d\u00e9ploiement de r\u00e9seaux intelligents, d\u2019une infrastructure de mesurage avanc\u00e9e (IMA) et de plateformes num\u00e9riques sophistiqu\u00e9es pour g\u00e9rer le r\u00e9seau.<\/span><\/p>\n<p><b>Production accrue d\u2019\u00e9nergie renouvelable\u00a0:<\/b><span style=\"font-weight: 400;\"> Cet objectif est centr\u00e9 sur la hausse de la capacit\u00e9 \u00e0 produire de l\u2019\u00e9nergie \u00e0 partir de ressources renouvelables \u2013 solaire, \u00e9olienne, hydraulique et biomasse \u2013 et l\u2019int\u00e9gration efficace de ces diverses sources d\u2019\u00e9nergie dans le r\u00e9seau d\u2019\u00e9lectricit\u00e9 principal dans le but de cr\u00e9er un bouquet \u00e9nerg\u00e9tique plus propre et plus durable.<\/span><\/p>\n<p><b>Durabilit\u00e9 et d\u00e9carbonation\u00a0:<\/b><span style=\"font-weight: 400;\"> Ces priorit\u00e9s orientent notre engagement \u00e0 r\u00e9duire les \u00e9missions de gaz \u00e0 effet de serre et \u00e0 r\u00e9duire l\u2019impact environnemental li\u00e9 \u00e0 la production et \u00e0 la consommation d\u2019\u00e9nergie. Moyens pour y parvenir\u00a0: promotion de pratiques d\u2019efficacit\u00e9 \u00e9nerg\u00e9tique, \u00e9lectrification de secteurs vari\u00e9s et adoption g\u00e9n\u00e9ralis\u00e9e de sources d\u2019\u00e9nergie renouvelables.<\/span><\/p>\n<p><b>Solutions \u00e9nerg\u00e9tiques innovantes\u00a0:<\/b><span style=\"font-weight: 400;\"> Ces solutions passent par le d\u00e9veloppement et la mise en \u0153uvre soutenus de technologies et services \u00e9nerg\u00e9tiques plus intelligents, con\u00e7us pour optimiser la consommation et la distribution d\u2019\u00e9nergie tout en favorisant de nouvelles m\u00e9thodes permettant de r\u00e9pondre \u00e0 la demande croissante d\u2019\u00e9lectricit\u00e9.<\/span>[\/vc_column_text][\/vc_column_inner][vc_column_inner width=&#8221;1\/2&#8243;][vc_column_text css=&#8221;&#8221;]<b>Micror\u00e9seaux :<\/b><span style=\"font-weight: 400;\"> Ces syst\u00e8mes fonctionnent en \u00e9tant reli\u00e9s au r\u00e9seau \u00e9lectrique principal, mais ils peuvent \u00eatre d\u00e9connect\u00e9s lors de perturbations (comme des temp\u00eates et des pannes de courant) afin de fonctionner de fa\u00e7on autonome au moyen de l\u2019\u00e9nergie produite sur place (ex.\u00a0: panneaux solaires ou batteries).<\/span><\/p>\n<p><b>Communaut\u00e9s intelligentes :<\/b><span style=\"font-weight: 400;\"> Ces communaut\u00e9s interconnect\u00e9es utilisent des technologies intelligentes pour alimenter leurs habitations, leurs b\u00e2timents et leurs transports. L\u2019objectif est que tous en b\u00e9n\u00e9ficient : r\u00e9sidents, entreprises et organismes de services.<\/span><\/p>\n<p><b>Syst\u00e8mes \u00e9nerg\u00e9tiques de quartier :<\/b><span style=\"font-weight: 400;\"> Ces syst\u00e8mes produisent et fournissent de l\u2019\u00e9nergie thermique. Une installation centrale produit de l\u2019eau chaude et de l\u2019eau froide, qui est distribu\u00e9e aux b\u00e2timents environnants au moyen de conduits thermiques souterrains pour chauffer et climatiser efficacement les locaux, sans recourir \u00e0 des appareils de chauffage et de refroidissement individuels.<\/span><\/p>\n<p><b>Autonomie collective\u00a0:<\/b><span style=\"font-weight: 400;\"> Ensemble, toutes les composantes ci-dessus contribuent \u00e0 donner aux clients un contr\u00f4le accru sur leur consommation d\u2019\u00e9nergie tout en favorisant une relation de collaboration en vue d\u2019atteindre des objectifs communs sur le plan \u00e9nerg\u00e9tique dans la communaut\u00e9. Pour que l\u2019autonomie collective r\u00e9ussisse, il faut assurer aux citoyens l\u2019acc\u00e8s aux outils et renseignements n\u00e9cessaires pour prendre des d\u00e9cisions \u00e9clair\u00e9es en mati\u00e8re d\u2019\u00e9nergie, en leur offrant notamment des plateformes conviviales de gestion de l\u2019\u00e9nergie et des solutions \u00e9nerg\u00e9tiques personnalis\u00e9es.<\/span>[\/vc_column_text][\/vc_column_inner][\/vc_row_inner][\/vc_column][\/vc_row][vc_row el_class=&#8221;section&#8221;][vc_column][vc_row_inner][vc_column_inner][vc_custom_heading text=&#8221;Pour en savoir plus sur notre approche en mati\u00e8re de d\u00e9veloppement durable :&#8221; font_container=&#8221;tag:h3|text_align:center&#8221; use_theme_fonts=&#8221;yes&#8221;][\/vc_column_inner][\/vc_row_inner][vc_row_inner equal_height=&#8221;yes&#8221; gap=&#8221;35&#8243; el_class=&#8221;sustainability-icons&#8221;][vc_column_inner width=&#8221;1\/4&#8243;][vc_single_image image=&#8221;3752&#8243; img_size=&#8221;full&#8221; alignment=&#8221;center&#8221; onclick=&#8221;custom_link&#8221; css_animation=&#8221;fadeInUp&#8221; css=&#8221;&#8221; link=&#8221;\/fr\/sustainability\/sustainability-milestones\/#reducing-our-carbon-footprint&#8221;][vc_custom_heading text=&#8221;R\u00e9duction de l\u2019empreinte carbone d\u2019Ottawa&#8221; font_container=&#8221;tag:h4|text_align:center|color:%2316222B&#8221; use_theme_fonts=&#8221;yes&#8221; css_animation=&#8221;slideInUp&#8221; css=&#8221;&#8221; link=&#8221;url:%2Ffr%2Fsustainability%2Fsustainability-milestones%2F%23reducing-our-carbon-footprint&#8221;][\/vc_column_inner][vc_column_inner width=&#8221;1\/4&#8243;][vc_single_image image=&#8221;3748&#8243; img_size=&#8221;full&#8221; alignment=&#8221;center&#8221; onclick=&#8221;custom_link&#8221; css_animation=&#8221;fadeInUp&#8221; css=&#8221;&#8221; link=&#8221;\/fr\/sustainability\/sustainability-milestones\/#diverting-waste-and-pollution&#8221;][vc_custom_heading text=&#8221;Valorisation des d\u00e9chets et r\u00e9duction de la pollution&#8221; font_container=&#8221;tag:h4|text_align:center|color:%2316222B&#8221; use_theme_fonts=&#8221;yes&#8221; css_animation=&#8221;slideInUp&#8221; css=&#8221;&#8221; link=&#8221;url:%2Ffr%2Fsustainability%2Fsustainability-milestones%2F%23diverting-waste-and-pollution&#8221;][\/vc_column_inner][vc_column_inner width=&#8221;1\/4&#8243;][vc_single_image image=&#8221;3754&#8243; img_size=&#8221;full&#8221; alignment=&#8221;center&#8221; onclick=&#8221;custom_link&#8221; css_animation=&#8221;fadeInUp&#8221; css=&#8221;&#8221; link=&#8221;\/fr\/sustainability\/sustainability-milestones\/#protecting-land-use-and-biodiversity&#8221;][vc_custom_heading text=&#8221;Protection de la biodiversit\u00e9 et de l\u2019utilisation des terres&#8221; font_container=&#8221;tag:h4|text_align:center|color:%2316222B&#8221; use_theme_fonts=&#8221;yes&#8221; css_animation=&#8221;slideInUp&#8221; css=&#8221;&#8221; link=&#8221;url:%2Ffr%2Fsustainability%2Fsustainability-milestones%2F%23protecting-land-use-and-biodiversity&#8221;][\/vc_column_inner][vc_column_inner width=&#8221;1\/4&#8243;][vc_single_image image=&#8221;3754&#8243; img_size=&#8221;full&#8221; alignment=&#8221;center&#8221; onclick=&#8221;custom_link&#8221; css_animation=&#8221;fadeInUp&#8221; css=&#8221;&#8221; link=&#8221;\/fr\/sustainability\/sustainability-milestones\/#building-a-culture-of-sustainability&#8221;][vc_custom_heading text=&#8221;Instauration d\u2019une culture de d\u00e9veloppement durable&#8221; font_container=&#8221;tag:h4|text_align:center|color:%2316222B&#8221; use_theme_fonts=&#8221;yes&#8221; css_animation=&#8221;slideInUp&#8221; css=&#8221;&#8221; link=&#8221;url:%2Ffr%2Fsustainability%2Fsustainability-milestones%2F%23building-a-culture-of-sustainability&#8221;][\/vc_column_inner][\/vc_row_inner][\/vc_column][\/vc_row][vc_row full_width=&#8221;stretch_row_content_no_spaces&#8221; el_class=&#8221;section-b&#8221;][vc_column][vc_row_inner el_class=&#8221;limit-width&#8221;][vc_column_inner][vc_custom_heading text=&#8221;Notre parcours vers la carboneutralit\u00e9 dans nos activit\u00e9s&#8221; font_container=&#8221;tag:h3|text_align:left&#8221; use_theme_fonts=&#8221;yes&#8221; css=&#8221;&#8221;][vc_column_text css=&#8221;&#8221;]<span style=\"font-weight: 400;\">En 2021, fort de son profond engagement \u00e0 l\u2019\u00e9gard de la durabilit\u00e9 environnementale, notre conseil a fi\u00e8rement annonc\u00e9 l\u2019objectif suivant\u00a0: atteindre la carboneutralit\u00e9 dans nos activit\u00e9s d\u2019ici 2030. Il s\u2019agit d\u2019un engagement sans pr\u00e9c\u00e9dent qui a fait d\u2019Hydro Ottawa limit\u00e9e la premi\u00e8re entreprise d\u2019\u00e9lectricit\u00e9 appartenant \u00e0 une municipalit\u00e9 au Canada \u00e0 fixer un tel objectif. Parall\u00e8lement, nous fa\u00e7onnons activement un avenir \u00e9nerg\u00e9tique intelligent pour notre ville, outillant les r\u00e9sidents, les entreprises et les institutions d\u2019Ottawa pour qu\u2019ils participent eux aussi \u00e0 l\u2019effort de r\u00e9duction de l\u2019empreinte carbone et cheminent \u00e0 leur mani\u00e8re vers la carboneutralit\u00e9.<\/span><\/p>\n<p><span style=\"font-weight: 400;\">Un aspect crucial de nos progr\u00e8s est le suivant\u00a0: nous surveillons et r\u00e9duisons scrupuleusement nos \u00e9missions de gaz \u00e0 effet de serre (GES) de port\u00e9e 1 et de port\u00e9e\u00a02. Ces cat\u00e9gories procurent un portrait clair de notre impact environnemental direct et indirect.<\/span><\/p>\n<p><span style=\"font-weight: 400;\">Mise \u00e0 jour de nos progr\u00e8s en mati\u00e8re de r\u00e9duction des \u00e9missions de notre entreprise\u00a0:<\/span><\/p>\n<div class=\"table-container\">\n<table>\n<thead>\n<tr>\n<th><\/th>\n<th>2022 (tonnes m\u00e9triques)<\/th>\n<th>2023 (tonnes m\u00e9triques)<\/th>\n<\/tr>\n<\/thead>\n<tbody>\n<tr>\n<td>\u00c9missions de GES de port\u00e9e 1<\/td>\n<td>2 505<\/td>\n<td>1 914<\/td>\n<\/tr>\n<tr>\n<td>\u00c9missions de GES de port\u00e9e 2<\/td>\n<td>5 692<\/td>\n<td>5 846<\/td>\n<\/tr>\n<\/tbody>\n<\/table>\n<\/div>\n<h4 style=\"margin-top: 30px;\">Comprendre les \u00e9missions de port\u00e9e 1 et de port\u00e9e 2\u00a0:<\/h4>\n<p><span style=\"font-weight: 400;\">Les \u00e9missions de port\u00e9e 1 sont produites directement par les sources que nous poss\u00e9dons ou contr\u00f4lons. On inclut dans cette cat\u00e9gorie les \u00e9missions des v\u00e9hicules de notre parc automobile, la consommation de gaz naturel dans nos installations et les \u00e9missions d\u2019hexafluorure de soufre (SF6), un puissant GES utilis\u00e9 dans le mat\u00e9riel \u00e9lectrique.<\/span><\/p>\n<p><span style=\"font-weight: 400;\">Les \u00e9missions de port\u00e9e 2 sont des \u00e9missions indirectes qui sont g\u00e9n\u00e9r\u00e9es par la production d\u2019\u00e9lectricit\u00e9 que nous achetons et consommons ainsi que des \u00e9missions g\u00e9n\u00e9r\u00e9es par les pertes qui surviennent durant le transport et la distribution de cette \u00e9lectricit\u00e9 (pertes en ligne).<\/span><\/p>\n<p><span style=\"font-weight: 400;\">Au fur et \u00e0 mesure que nous progressons sur notre parcours vers la carboneutralit\u00e9, d\u2019ici 2030, nous demeurons d\u00e9termin\u00e9s \u00e0 faire \u00e9tat de nos r\u00e9alisations collectives. Nous continuerons \u00e0 prioriser nos clients, \u00e0 collaborer \u00e9troitement avec les gouvernements, les partenaires communautaires et les chefs de file de l\u2019industrie, tout en prot\u00e9geant l\u2019environnement et en investissant dans nos talentueuses \u00e9quipes. La transparence du suivi et de la r\u00e9duction de nos \u00e9missions de port\u00e9e 1 et de port\u00e9e 2 met en lumi\u00e8re notre engagement in\u00e9branlable \u00e0 l\u2019\u00e9gard d\u2019un avenir durable pour Ottawa.<\/span>[\/vc_column_text][\/vc_column_inner][\/vc_row_inner][\/vc_column][\/vc_row][vc_row full_width=&#8221;stretch_row_content_no_spaces&#8221; equal_height=&#8221;yes&#8221; el_class=&#8221;section&#8221; css=&#8221;.vc_custom_1651259272983{padding-bottom: 0px !important;background-color: #edf0f5 !important;}&#8221;][vc_column][vc_row_inner equal_height=&#8221;yes&#8221; el_class=&#8221;limit-width&#8221;][vc_column_inner][vc_custom_heading text=&#8221;\u00c0 l\u2019avant-garde gr\u00e2ce \u00e0 l\u2019innovation&#8221; font_container=&#8221;tag:h3|text_align:center&#8221; use_theme_fonts=&#8221;yes&#8221;][vc_column_text css=&#8221;&#8221;]<\/p>\n<p class=\"p1\"><span style=\"font-weight: 400;\">Dans le cadre de notre orientation strat\u00e9gique centr\u00e9e sur notre mission sociale, nous adh\u00e9rons aux principes du d\u00e9veloppement durable et privil\u00e9gions l\u2019innovation. Renseignez-vous sur les projets novateurs dans lesquels nous investissons en mettant le cap sur un avenir \u00e9nerg\u00e9tique intelligent.<\/span><\/p>\n<p>[\/vc_column_text][\/vc_column_inner][\/vc_row_inner][\/vc_column][\/vc_row][vc_row full_width=&#8221;stretch_row&#8221; equal_height=&#8221;yes&#8221; el_class=&#8221;section&#8221; css=&#8221;.vc_custom_1651259267980{padding-top: 0px !important;background-color: #edf0f5 !important;}&#8221;][vc_column][vc_row_inner el_class=&#8221;sustainability-cs-grid&#8221;][vc_column_inner][vc_basic_grid post_type=&#8221;post&#8221; max_items=&#8221;-1&#8243; gap=&#8221;35&#8243; item=&#8221;2223&#8243; grid_id=&#8221;vc_gid:1750435372097-43e37c9f-01ea-4&#8243; taxonomies=&#8221;17&#8243;][\/vc_column_inner][\/vc_row_inner][\/vc_column][\/vc_row][vc_row full_width=&#8221;stretch_row_content_no_spaces&#8221; equal_height=&#8221;yes&#8221; disable_element=&#8221;yes&#8221; el_class=&#8221;section&#8221;][vc_column][vc_row_inner equal_height=&#8221;yes&#8221; el_class=&#8221;limit-width&#8221;][vc_column_inner][vc_custom_heading text=&#8221;Appui \u00e0 la transition de la collectivit\u00e9 vers un avenir plus vert&#8221; font_container=&#8221;tag:h3|text_align:left&#8221; use_theme_fonts=&#8221;yes&#8221;][vc_column_text]<\/p>\n<p class=\"p1\">Notre entreprise redonne \u00e0 la collectivit\u00e9. Nous estimons qu\u2019il est important de consacrer chaque ann\u00e9e une portion de notre b\u00e9n\u00e9fice net aux initiatives de d\u00e9veloppement durable.<span class=\"Apple-converted-space\">\u00a0<\/span><\/p>\n<p class=\"p1\">Nous rendons notre collectivit\u00e9 plus verte gr\u00e2ce \u00e0 nos commandites, \u00e0 nos dons, \u00e0 notre b\u00e9n\u00e9volat et \u00e0 notre pr\u00e9sence lors de diverses activit\u00e9s communautaires dans l\u2019ensemble du territoire de desserte de l\u2019entreprise.<\/p>\n<p class=\"p1\">Pour en savoir plus sur notre Programme d\u2019investissement communautaire et nos possibilit\u00e9s de commandites, veuillez nous envoyer un courriel \u00e0 l\u2019adresse <a href=\"mailto:cr@hydroottawa.com\"><span class=\"s1\">cr@hydroottawa.com<\/span><\/a>.<\/p>\n<p>[\/vc_column_text][vc_separator color=&#8221;custom&#8221; border_width=&#8221;4&#8243; css=&#8221;.vc_custom_1651183829873{padding-bottom: 16px !important;}&#8221; accent_color=&#8221;#91bf2b&#8221;][vc_column_text]<\/p>\n<h4 class=\"p1\"><span class=\"s2\">Am\u00e9lioration de l\u2019acc\u00e8s aux v\u00e9hicules \u00e9lectriques pour les r\u00e9sidents de logements sociaux<\/span><\/h4>\n<p class=\"p1\">Pour aider les r\u00e9sidents de logements sociaux \u00e0 r\u00e9duire leurs \u00e9missions de gaz \u00e0 effet de serre et \u00e0 rouler en v\u00e9hicule \u00e9lectrique, Hydro Ottawa lt\u00e9e et Envari mettront leur expertise au service de l\u2019am\u00e9nagement de l\u2019infrastructure pour v\u00e9hicules \u00e9lectriques en contribuant \u00e0 l\u2019installation de deux bornes de recharge rapide de niveau\u00a0II sur le site d\u2019un immeuble de la Soci\u00e9t\u00e9 de logement communautaire d\u2019Ottawa.<\/p>\n<p class=\"p1\">Ce projet pilote a \u00e9t\u00e9 rendu possible gr\u00e2ce \u00e0 notre Programme d\u2019investissement communautaire. Il est le fruit d\u2019un partenariat entre le Fonds d\u2019action pour le climat d\u2019Ottawa, la Ville d\u2019Ottawa, Logement communautaire d\u2019Ottawa et CommunAuto, lesquels fourniront le v\u00e9hicule \u00e9lectrique que se partageront les r\u00e9sidents.<\/p>\n<p>[\/vc_column_text][\/vc_column_inner][\/vc_row_inner][\/vc_column][\/vc_row][vc_row full_width=&#8221;stretch_row&#8221; gap=&#8221;35&#8243; disable_element=&#8221;yes&#8221; el_class=&#8221;section&#8221; css=&#8221;.vc_custom_1660240934646{background-color: #ffffff !important;}&#8221;][vc_column][vc_row_inner gap=&#8221;35&#8243; el_class=&#8221;careers-section&#8221;][vc_column_inner width=&#8221;2\/3&#8243;][vc_custom_heading text=&#8221;Travailler \u00e0 Hydro Ottawa pour contribuer \u00e0 fa\u00e7onner un avenir \u00e9nerg\u00e9tique intelligent&#8221; font_container=&#8221;tag:h3|text_align:left&#8221; use_theme_fonts=&#8221;yes&#8221;][vc_column_text]<\/p>\n<p class=\"p1\">Nos employ\u00e9s se passionnent pour l\u2019innovation, l\u2019environnement et le d\u00e9veloppement durable et ils ont \u00e0 c\u0153ur de se rendre utiles \u00e0 la collectivit\u00e9.<span class=\"Apple-converted-space\">\u00a0<\/span><\/p>\n<p class=\"p1\">Les entreprises membres de notre groupe sont d\u00e9termin\u00e9es \u00e0 se doter d\u2019un effectif qui refl\u00e8te la diversit\u00e9 de la population \u00e0 laquelle nous offrons nos services.<span class=\"Apple-converted-space\">\u00a0<\/span><\/p>\n<p class=\"p1\">En plus de favoriser une culture ax\u00e9e sur l\u2019intendance environnementale, notre milieu de travail t\u00e9moigne d\u2019une conduite op\u00e9rationnelle \u00e9thique \u00e0 tous les \u00e9chelons et refl\u00e8te nos valeurs communes, soit le travail d\u2019\u00e9quipe, l\u2019int\u00e9grit\u00e9, l\u2019excellence et le service. Chaque employ\u00e9 doit donner l\u2019exemple dans cette d\u00e9marche.<\/p>\n<p class=\"p1\">Vous estimez que ce que vous faites est plus qu\u2019un simple travail et vous souhaitez faire partie d\u2019une \u00e9quipe qui pense comme vous? Nous vous invitons \u00e0 vous joindre \u00e0 la n\u00f4tre.<\/p>\n<p>[\/vc_column_text][\/vc_column_inner][vc_column_inner width=&#8221;1\/3&#8243;][vc_cta h2=&#8221;Opportunit\u00e9s de carri\u00e8re :&#8221; h2_font_container=&#8221;tag:p|text_align:left|color:%23ffffff&#8221; h2_use_theme_fonts=&#8221;yes&#8221; h4=&#8221;Rejoins notre \u00e9quipe&#8221; h4_font_container=&#8221;tag:p|text_align:left|color:%23ffffff&#8221; h4_use_theme_fonts=&#8221;yes&#8221; shape=&#8221;square&#8221; add_icon=&#8221;right&#8221; i_icon_fontawesome=&#8221;fas fa-arrow-right&#8221; i_color=&#8221;white&#8221; css=&#8221;.vc_custom_1651501497102{background-color: #11222c !important;}&#8221; use_custom_fonts_h2=&#8221;true&#8221; use_custom_fonts_h4=&#8221;true&#8221; h2_link=&#8221;target:_blank&#8221; h4_link=&#8221;target:_blank&#8221; i_link=&#8221;url:https%3A%2F%2Fhydroottawa.wd3.myworkdayjobs.com%2Ffr-CA%2Fportage_power_careersite|target:_blank&#8221; el_class=&#8221;career-callout, hidden&#8221; h2_el_class=&#8221;callout&#8221;][\/vc_cta][vc_cta h2=&#8221;Opportunit\u00e9s de carri\u00e8re :&#8221; h2_font_container=&#8221;tag:p|text_align:left|color:%23ffffff&#8221; h2_use_theme_fonts=&#8221;yes&#8221; h4=&#8221;Hydro Ottawa limit\u00e9e&#8221; h4_font_container=&#8221;tag:p|text_align:left|color:%23ffffff&#8221; h4_use_theme_fonts=&#8221;yes&#8221; shape=&#8221;square&#8221; add_icon=&#8221;right&#8221; i_icon_fontawesome=&#8221;fas fa-arrow-right&#8221; i_color=&#8221;white&#8221; css=&#8221;.vc_custom_1651249772458{background-color: #027369 !important;}&#8221; use_custom_fonts_h2=&#8221;true&#8221; use_custom_fonts_h4=&#8221;true&#8221; h2_link=&#8221;url:https%3A%2F%2Fhydroottawa.com%2Ffr%2Fcarrieres|target:_blank&#8221; h4_link=&#8221;url:https%3A%2F%2Fhydroottawa.com%2Fen%2Fcareers|target:_blank&#8221; i_link=&#8221;url:https%3A%2F%2Fhydroottawa.com%2Ffr%2Fcarrieres|target:_blank&#8221; el_class=&#8221;career-callout&#8221; h2_el_class=&#8221;callout&#8221;][\/vc_cta][vc_cta h2=&#8221;Opportunit\u00e9s de carri\u00e8re :&#8221; h2_font_container=&#8221;tag:p|text_align:left|color:%23ffffff&#8221; h2_use_theme_fonts=&#8221;yes&#8221; h4=&#8221;Portage \u00c9nergie&#8221; h4_font_container=&#8221;tag:p|text_align:left|color:%23ffffff&#8221; h4_use_theme_fonts=&#8221;yes&#8221; shape=&#8221;square&#8221; add_icon=&#8221;right&#8221; i_icon_fontawesome=&#8221;fas fa-arrow-right&#8221; i_color=&#8221;white&#8221; css=&#8221;.vc_custom_1651249894279{background-color: #11222c !important;}&#8221; use_custom_fonts_h2=&#8221;true&#8221; use_custom_fonts_h4=&#8221;true&#8221; h2_link=&#8221;url:https%3A%2F%2Fportagepower.com%2Fcareers%2F|target:_blank&#8221; h4_link=&#8221;url:https%3A%2F%2Fhydroottawa.wd3.myworkdayjobs.com%2Ffr-CA%2Fportage_power_careersite|target:_blank&#8221; i_link=&#8221;url:https%3A%2F%2Fhydroottawa.wd3.myworkdayjobs.com%2Ffr-CA%2Fportage_power_careersite|target:_blank&#8221; el_class=&#8221;career-callout&#8221; h2_el_class=&#8221;callout&#8221;][\/vc_cta][vc_cta h2=&#8221;Opportunit\u00e9s de carri\u00e8re :&#8221; h2_font_container=&#8221;tag:p|text_align:left|color:%23ffffff&#8221; h2_use_theme_fonts=&#8221;yes&#8221; h4=&#8221;Solutions \u00e9nerg\u00e9tiques Envari&#8221; h4_font_container=&#8221;tag:p|text_align:left|color:%23ffffff&#8221; h4_use_theme_fonts=&#8221;yes&#8221; shape=&#8221;square&#8221; add_icon=&#8221;right&#8221; i_icon_fontawesome=&#8221;fas fa-arrow-right&#8221; i_color=&#8221;white&#8221; css=&#8221;.vc_custom_1651133136108{background-color: #027369 !important;}&#8221; use_custom_fonts_h2=&#8221;true&#8221; use_custom_fonts_h4=&#8221;true&#8221; h2_link=&#8221;url:https%3A%2F%2Fenvari.com%2Fcareers%2F|target:_blank&#8221; h4_link=&#8221;url:https%3A%2F%2Fenvari.com%2Fcareers%2F|target:_blank&#8221; i_link=&#8221;url:https%3A%2F%2Fenvari.com%2Fcareers%2F|target:_blank&#8221; el_class=&#8221;career-callout&#8221; h2_el_class=&#8221;callout&#8221;][\/vc_cta][\/vc_column_inner][\/vc_row_inner][\/vc_column][\/vc_row]<\/p>\n<\/div>","protected":false},"excerpt":{"rendered":"<p>[vc_row full_width=&#8221;stretch_row_content_no_spaces&#8221; el_class=&#8221;section&#8221; css=&#8221;.vc_custom_1651256678813{background-color: #edf0f5 !important;}&#8221;][vc_column][vc_row_inner el_class=&#8221;limit-width&#8221;][vc_column_inner][vc_custom_heading text=&#8221;Notre engagement \u00e0 l\u2019\u00e9gard de la durabilit\u00e9&#8221; font_container=&#8221;tag:h2|text_align:center&#8221; use_theme_fonts=&#8221;yes&#8221; css=&#8221;&#8221;][vc_column_text css=&#8221;&#8221;]\u00c0 travers ses champs d\u2019activit\u00e9, le Groupe Hydro Ottawa se veut un leader qui offre de nouvelles perspectives \u00e0 ses clients et \u00e0 sa communaut\u00e9 pour leur permettre de r\u00e9duire leur empreinte carbone et d\u2019adopter des formes d\u2019\u00e9nergie [&hellip;]<\/p>\n","protected":false},"author":10,"featured_media":3498,"parent":0,"menu_order":0,"comment_status":"closed","ping_status":"closed","template":"","meta":{"_acf_changed":false,"footnotes":""},"class_list":["post-383","page","type-page","status-publish","has-post-thumbnail","hentry"],"acf":[],"yoast_head":"<!-- This site is optimized with the Yoast SEO plugin v27.5 - https:\/\/yoast.com\/product\/yoast-seo-wordpress\/ -->\n<title>Durabilit\u00e9 - Hydro Ottawa Group<\/title>\n<meta name=\"robots\" content=\"index, follow, max-snippet:-1, max-image-preview:large, max-video-preview:-1\" \/>\n<link rel=\"canonical\" href=\"https:\/\/hydroottawagroup.com\/fr\/durabilite\/\" \/>\n<meta property=\"og:locale\" content=\"fr_FR\" \/>\n<meta property=\"og:type\" content=\"article\" \/>\n<meta property=\"og:title\" content=\"Durabilit\u00e9 - Hydro Ottawa Group\" \/>\n<meta property=\"og:description\" content=\"[vc_row full_width=&#8221;stretch_row_content_no_spaces&#8221; el_class=&#8221;section&#8221; css=&#8221;.vc_custom_1651256678813{background-color: #edf0f5 !important;}&#8221;][vc_column][vc_row_inner el_class=&#8221;limit-width&#8221;][vc_column_inner][vc_custom_heading text=&#8221;Notre engagement \u00e0 l\u2019\u00e9gard de la durabilit\u00e9&#8221; font_container=&#8221;tag:h2|text_align:center&#8221; use_theme_fonts=&#8221;yes&#8221; css=&#8221;&#8221;][vc_column_text css=&#8221;&#8221;]\u00c0 travers ses champs d\u2019activit\u00e9, le Groupe Hydro Ottawa se veut un leader qui offre de nouvelles perspectives \u00e0 ses clients et \u00e0 sa communaut\u00e9 pour leur permettre de r\u00e9duire leur empreinte carbone et d\u2019adopter des formes d\u2019\u00e9nergie [&hellip;]\" \/>\n<meta property=\"og:url\" content=\"https:\/\/hydroottawagroup.com\/fr\/durabilite\/\" \/>\n<meta property=\"og:site_name\" content=\"Hydro Ottawa Group\" \/>\n<meta property=\"article:modified_time\" content=\"2025-06-20T16:04:17+00:00\" \/>\n<meta property=\"og:image\" content=\"https:\/\/hydroottawagroup.com\/wp-content\/uploads\/2025\/04\/HOG_SUSTAINABILITY_DESKTOP.jpg\" \/>\n\t<meta property=\"og:image:width\" content=\"1920\" \/>\n\t<meta property=\"og:image:height\" content=\"540\" \/>\n\t<meta property=\"og:image:type\" content=\"image\/jpeg\" \/>\n<meta name=\"twitter:card\" content=\"summary_large_image\" \/>\n<meta name=\"twitter:label1\" content=\"Est. reading time\" \/>\n\t<meta name=\"twitter:data1\" content=\"10 minutes\" \/>\n<script type=\"application\/ld+json\" class=\"yoast-schema-graph\">{\"@context\":\"https:\\\/\\\/schema.org\",\"@graph\":[{\"@type\":\"WebPage\",\"@id\":\"https:\\\/\\\/hydroottawagroup.com\\\/fr\\\/durabilite\\\/\",\"url\":\"https:\\\/\\\/hydroottawagroup.com\\\/fr\\\/durabilite\\\/\",\"name\":\"Durabilit\u00e9 - Hydro Ottawa Group\",\"isPartOf\":{\"@id\":\"https:\\\/\\\/hydroottawaholding.com\\\/#website\"},\"primaryImageOfPage\":{\"@id\":\"https:\\\/\\\/hydroottawagroup.com\\\/fr\\\/durabilite\\\/#primaryimage\"},\"image\":{\"@id\":\"https:\\\/\\\/hydroottawagroup.com\\\/fr\\\/durabilite\\\/#primaryimage\"},\"thumbnailUrl\":\"https:\\\/\\\/hydroottawagroup.com\\\/wp-content\\\/uploads\\\/2025\\\/04\\\/HOG_SUSTAINABILITY_DESKTOP.jpg\",\"datePublished\":\"2022-03-29T18:25:37+00:00\",\"dateModified\":\"2025-06-20T16:04:17+00:00\",\"breadcrumb\":{\"@id\":\"https:\\\/\\\/hydroottawagroup.com\\\/fr\\\/durabilite\\\/#breadcrumb\"},\"inLanguage\":\"fr-FR\",\"potentialAction\":[{\"@type\":\"ReadAction\",\"target\":[\"https:\\\/\\\/hydroottawagroup.com\\\/fr\\\/durabilite\\\/\"]}]},{\"@type\":\"ImageObject\",\"inLanguage\":\"fr-FR\",\"@id\":\"https:\\\/\\\/hydroottawagroup.com\\\/fr\\\/durabilite\\\/#primaryimage\",\"url\":\"https:\\\/\\\/hydroottawagroup.com\\\/wp-content\\\/uploads\\\/2025\\\/04\\\/HOG_SUSTAINABILITY_DESKTOP.jpg\",\"contentUrl\":\"https:\\\/\\\/hydroottawagroup.com\\\/wp-content\\\/uploads\\\/2025\\\/04\\\/HOG_SUSTAINABILITY_DESKTOP.jpg\",\"width\":1920,\"height\":540},{\"@type\":\"BreadcrumbList\",\"@id\":\"https:\\\/\\\/hydroottawagroup.com\\\/fr\\\/durabilite\\\/#breadcrumb\",\"itemListElement\":[{\"@type\":\"ListItem\",\"position\":1,\"name\":\"Home\",\"item\":\"https:\\\/\\\/hydroottawagroup.com\\\/fr\\\/\"},{\"@type\":\"ListItem\",\"position\":2,\"name\":\"Durabilit\u00e9\"}]},{\"@type\":\"WebSite\",\"@id\":\"https:\\\/\\\/hydroottawaholding.com\\\/#website\",\"url\":\"https:\\\/\\\/hydroottawaholding.com\\\/\",\"name\":\"Hydro Ottawa Group\",\"description\":\"\",\"potentialAction\":[{\"@type\":\"SearchAction\",\"target\":{\"@type\":\"EntryPoint\",\"urlTemplate\":\"https:\\\/\\\/hydroottawaholding.com\\\/?s={search_term_string}\"},\"query-input\":{\"@type\":\"PropertyValueSpecification\",\"valueRequired\":true,\"valueName\":\"search_term_string\"}}],\"inLanguage\":\"fr-FR\"}]}<\/script>\n<!-- \/ Yoast SEO plugin. -->","yoast_head_json":{"title":"Durabilit\u00e9 - Hydro Ottawa Group","robots":{"index":"index","follow":"follow","max-snippet":"max-snippet:-1","max-image-preview":"max-image-preview:large","max-video-preview":"max-video-preview:-1"},"canonical":"https:\/\/hydroottawagroup.com\/fr\/durabilite\/","og_locale":"fr_FR","og_type":"article","og_title":"Durabilit\u00e9 - Hydro Ottawa Group","og_description":"[vc_row full_width=&#8221;stretch_row_content_no_spaces&#8221; el_class=&#8221;section&#8221; css=&#8221;.vc_custom_1651256678813{background-color: #edf0f5 !important;}&#8221;][vc_column][vc_row_inner el_class=&#8221;limit-width&#8221;][vc_column_inner][vc_custom_heading text=&#8221;Notre engagement \u00e0 l\u2019\u00e9gard de la durabilit\u00e9&#8221; font_container=&#8221;tag:h2|text_align:center&#8221; use_theme_fonts=&#8221;yes&#8221; css=&#8221;&#8221;][vc_column_text css=&#8221;&#8221;]\u00c0 travers ses champs d\u2019activit\u00e9, le Groupe Hydro Ottawa se veut un leader qui offre de nouvelles perspectives \u00e0 ses clients et \u00e0 sa communaut\u00e9 pour leur permettre de r\u00e9duire leur empreinte carbone et d\u2019adopter des formes d\u2019\u00e9nergie [&hellip;]","og_url":"https:\/\/hydroottawagroup.com\/fr\/durabilite\/","og_site_name":"Hydro Ottawa Group","article_modified_time":"2025-06-20T16:04:17+00:00","og_image":[{"width":1920,"height":540,"url":"https:\/\/hydroottawagroup.com\/wp-content\/uploads\/2025\/04\/HOG_SUSTAINABILITY_DESKTOP.jpg","type":"image\/jpeg"}],"twitter_card":"summary_large_image","twitter_misc":{"Est. reading time":"10 minutes"},"schema":{"@context":"https:\/\/schema.org","@graph":[{"@type":"WebPage","@id":"https:\/\/hydroottawagroup.com\/fr\/durabilite\/","url":"https:\/\/hydroottawagroup.com\/fr\/durabilite\/","name":"Durabilit\u00e9 - Hydro Ottawa Group","isPartOf":{"@id":"https:\/\/hydroottawaholding.com\/#website"},"primaryImageOfPage":{"@id":"https:\/\/hydroottawagroup.com\/fr\/durabilite\/#primaryimage"},"image":{"@id":"https:\/\/hydroottawagroup.com\/fr\/durabilite\/#primaryimage"},"thumbnailUrl":"https:\/\/hydroottawagroup.com\/wp-content\/uploads\/2025\/04\/HOG_SUSTAINABILITY_DESKTOP.jpg","datePublished":"2022-03-29T18:25:37+00:00","dateModified":"2025-06-20T16:04:17+00:00","breadcrumb":{"@id":"https:\/\/hydroottawagroup.com\/fr\/durabilite\/#breadcrumb"},"inLanguage":"fr-FR","potentialAction":[{"@type":"ReadAction","target":["https:\/\/hydroottawagroup.com\/fr\/durabilite\/"]}]},{"@type":"ImageObject","inLanguage":"fr-FR","@id":"https:\/\/hydroottawagroup.com\/fr\/durabilite\/#primaryimage","url":"https:\/\/hydroottawagroup.com\/wp-content\/uploads\/2025\/04\/HOG_SUSTAINABILITY_DESKTOP.jpg","contentUrl":"https:\/\/hydroottawagroup.com\/wp-content\/uploads\/2025\/04\/HOG_SUSTAINABILITY_DESKTOP.jpg","width":1920,"height":540},{"@type":"BreadcrumbList","@id":"https:\/\/hydroottawagroup.com\/fr\/durabilite\/#breadcrumb","itemListElement":[{"@type":"ListItem","position":1,"name":"Home","item":"https:\/\/hydroottawagroup.com\/fr\/"},{"@type":"ListItem","position":2,"name":"Durabilit\u00e9"}]},{"@type":"WebSite","@id":"https:\/\/hydroottawaholding.com\/#website","url":"https:\/\/hydroottawaholding.com\/","name":"Hydro Ottawa Group","description":"","potentialAction":[{"@type":"SearchAction","target":{"@type":"EntryPoint","urlTemplate":"https:\/\/hydroottawaholding.com\/?s={search_term_string}"},"query-input":{"@type":"PropertyValueSpecification","valueRequired":true,"valueName":"search_term_string"}}],"inLanguage":"fr-FR"}]}},"_links":{"self":[{"href":"https:\/\/hydroottawagroup.com\/fr\/wp-json\/wp\/v2\/pages\/383","targetHints":{"allow":["GET"]}}],"collection":[{"href":"https:\/\/hydroottawagroup.com\/fr\/wp-json\/wp\/v2\/pages"}],"about":[{"href":"https:\/\/hydroottawagroup.com\/fr\/wp-json\/wp\/v2\/types\/page"}],"author":[{"embeddable":true,"href":"https:\/\/hydroottawagroup.com\/fr\/wp-json\/wp\/v2\/users\/10"}],"replies":[{"embeddable":true,"href":"https:\/\/hydroottawagroup.com\/fr\/wp-json\/wp\/v2\/comments?post=383"}],"version-history":[{"count":12,"href":"https:\/\/hydroottawagroup.com\/fr\/wp-json\/wp\/v2\/pages\/383\/revisions"}],"predecessor-version":[{"id":3853,"href":"https:\/\/hydroottawagroup.com\/fr\/wp-json\/wp\/v2\/pages\/383\/revisions\/3853"}],"wp:featuredmedia":[{"embeddable":true,"href":"https:\/\/hydroottawagroup.com\/fr\/wp-json\/wp\/v2\/media\/3498"}],"wp:attachment":[{"href":"https:\/\/hydroottawagroup.com\/fr\/wp-json\/wp\/v2\/media?parent=383"}],"curies":[{"name":"wp","href":"https:\/\/api.w.org\/{rel}","templated":true}]}}